{"id":5868,"date":"2023-09-21T10:28:21","date_gmt":"2023-09-21T08:28:21","guid":{"rendered":"https:\/\/fabb.pl\/home\/"},"modified":"2026-03-31T09:00:13","modified_gmt":"2026-03-31T07:00:13","slug":"home","status":"publish","type":"page","link":"https:\/\/fabb.pl\/de\/","title":{"rendered":"home"},"content":{"rendered":"<section class=\"block-slider-banner\">\r\n        <div class=\"block-slider-banner__swiper swiper\">\r\n            <div class=\"block-slider-banner__wrapper swiper-wrapper\">\r\n                                    <div class=\"block-slider-banner__slide swiper-slide\">\r\n                                                                        \r\n                                                                        \r\n                        \r\n                        \r\n                                                    <video class=\"block-slider-banner__video\" src=\"https:\/\/fabb.pl\/wp-content\/uploads\/2026\/01\/fabb-promo-video.mp4\" muted playsinline autoplay loop><\/video>\r\n                        \r\n                        <div class=\"block-slider-banner__container container-next\">\r\n                                                            <span class=\"block-slider-banner__subheading block-slider-banner__subheading--top\">\r\n                                    PASSIONATE ABOUT FABRICS\r\n                                <\/span>\r\n                            \r\n                                                            \r\n                                <h1 class=\"block-slider-banner__heading\">\r\n                                    WEAVING BONDS\r\n                                <\/h1>\r\n                            \r\n                            \r\n                                                            <div class=\"block-slider-banner__actions\">\r\n                                                                                                                                                                                                                                                            \r\n                                            <a class=\"link-next link-next--default\" href=\"https:\/\/fabb.pl\/tkaniny\/\" target=\"_self\">\r\n                                                Produkte anzeigen\r\n                                            <\/a>\r\n                                                                                                                                                                                                                                                                                                    \r\n                                            <a class=\"link-next link-next--underline\" href=\"https:\/\/fabb.pl\/de\/tkaniny\/\" target=\"_self\">\r\n                                                Kontaktieren Sie uns\r\n                                            <\/a>\r\n                                                                                                            <\/div>\r\n                                                    <\/div>\r\n                    <\/div>\r\n                                    <div class=\"block-slider-banner__slide swiper-slide\">\r\n                                                                        \r\n                                                                        \r\n                        \r\n                                                    <img decoding=\"async\" width=\"1920\" height=\"940\" src=\"https:\/\/fabb.pl\/wp-content\/uploads\/2026\/01\/banner2.jpg\" class=\"block-slider-banner__image\" alt=\"\" srcset=\"https:\/\/fabb.pl\/wp-content\/uploads\/2026\/01\/banner2.jpg 1920w, https:\/\/fabb.pl\/wp-content\/uploads\/2026\/01\/banner2-300x147.jpg 300w, https:\/\/fabb.pl\/wp-content\/uploads\/2026\/01\/banner2-1024x501.jpg 1024w, https:\/\/fabb.pl\/wp-content\/uploads\/2026\/01\/banner2-768x376.jpg 768w, https:\/\/fabb.pl\/wp-content\/uploads\/2026\/01\/banner2-1536x752.jpg 1536w\" sizes=\"(max-width: 1920px) 100vw, 1920px\" \/>\r\n                        \r\n                        \r\n                        <div class=\"block-slider-banner__container container-next\">\r\n                            \r\n                                                            \r\n                                <h2 class=\"block-slider-banner__heading\">\r\n                                    Wild &#8211; Dare to be WILD\r\n                                <\/h2>\r\n                            \r\n                                                            <span class=\"block-slider-banner__subheading block-slider-banner__subheading--bottom\">\r\n                                    Animal Pattern in Premium-Chenille \u2013 eine gewagte Kollektion mit Leoparden-Jacquardmustern\r\n                                <\/span>\r\n                            \r\n                                                            <div class=\"block-slider-banner__actions\">\r\n                                                                                                                                                                                                                                                            \r\n                                            <a class=\"link-next link-next--default\" href=\"https:\/\/fabb.pl\/de\/stoffkatalog\/wild\/\" target=\"_self\">\r\n                                                Siehe Stoff\r\n                                            <\/a>\r\n                                                                                                            <\/div>\r\n                                                    <\/div>\r\n                    <\/div>\r\n                            <\/div>\r\n\r\n            <div class=\"block-slider-banner__pagination swiper-pagination\"><\/div>\r\n        <\/div>\r\n    <\/section>\r\n\n\n<section class=\"block-fabrics-browse\">\r\n    <div class=\"block-fabrics-browse__container container-next\">\r\n    <header class=\"block-fabrics-browse__header\">\r\n                    <h2 class=\"block-fabrics-browse__heading\">\r\n                Trauen Sie sich, Ihr Interieur zu GESTALTEN\r\n            <\/h2>\r\n                \r\n                                            \r\n            <a class=\"block-latest-posts__link link-next link-next--desktop link-next--transparent\" href=\"https:\/\/fabb.pl\/de\/tkaniny\/\" target=\"_self\">\r\n                Alle Kollektionen anzeigen\r\n            <\/a>\r\n            <\/header>\r\n\r\n    <div class=\"block-fabrics-browse__slider swiper\">\r\n        <div class=\"block-fabrics-browse__wrapper swiper-wrapper\">\r\n                            <div class=\"block-fabrics-browse__slide swiper-slide\">\r\n                    <article class=\"fabric-collection-card\">\r\n                        <a class=\"fabric-collection-card__anchor\" href=\"https:\/\/fabb.pl\/de\/tkaniny\/tkaniny-tapicerskie\/\"><\/a>\r\n\r\n                        <div class=\"fabric-collection-card__figure\">\r\n                            \r\n                                                            <img decoding=\"async\" width=\"1024\" height=\"634\" src=\"https:\/\/fabb.pl\/wp-content\/uploads\/2026\/01\/Tapicerskie-1024x634.jpg\" class=\"fabric-collection-card__image fabric-collection-card__image--default\" alt=\"\" loading=\"lazy\" srcset=\"https:\/\/fabb.pl\/wp-content\/uploads\/2026\/01\/Tapicerskie-1024x634.jpg 1024w, https:\/\/fabb.pl\/wp-content\/uploads\/2026\/01\/Tapicerskie-300x186.jpg 300w, https:\/\/fabb.pl\/wp-content\/uploads\/2026\/01\/Tapicerskie-768x475.jpg 768w, https:\/\/fabb.pl\/wp-content\/uploads\/2026\/01\/Tapicerskie.jpg 1100w\" sizes=\"auto, (max-width: 1024px) 100vw, 1024px\" \/>\r\n                            \r\n                            <div class=\"fabric-collection-card__figcaption\">\r\n                                \r\n\r\n                                <h3 class=\"fabric-collection-card__heading fabric-collection-card__heading--large\">\r\n                                    Tkaniny tapicerskie\r\n                                <\/h3>\r\n\r\n                                                                    <p class=\"fabric-collection-card__paragraph\">\r\n                                        na sofy, fotele i krzes\u0142a, \u0142\u00f3\u017cka i panele dekoracyjne\r\n                                    <\/p>\r\n                                \r\n                                <a class=\" fabric-collection-card__link link-next link-next--outline\" href=\"https:\/\/fabb.pl\/de\/tkaniny\/tkaniny-tapicerskie\/\">\r\n                                    Entdecken Sie Unsere Stoffkollektion\r\n                                <\/a>\r\n                            <\/div>\r\n                        <\/div>\r\n                    <\/article>\r\n                <\/div>\r\n                            <div class=\"block-fabrics-browse__slide swiper-slide\">\r\n                    <article class=\"fabric-collection-card\">\r\n                        <a class=\"fabric-collection-card__anchor\" href=\"https:\/\/fabb.pl\/de\/tkaniny\/tkaniny-na-legowiska\/\"><\/a>\r\n\r\n                        <div class=\"fabric-collection-card__figure\">\r\n                            \r\n                                                            <img decoding=\"async\" width=\"789\" height=\"1024\" src=\"https:\/\/fabb.pl\/wp-content\/uploads\/2026\/01\/Legowiska-789x1024.jpg\" class=\"fabric-collection-card__image fabric-collection-card__image--default\" alt=\"\" loading=\"lazy\" srcset=\"https:\/\/fabb.pl\/wp-content\/uploads\/2026\/01\/Legowiska-789x1024.jpg 789w, https:\/\/fabb.pl\/wp-content\/uploads\/2026\/01\/Legowiska-231x300.jpg 231w, https:\/\/fabb.pl\/wp-content\/uploads\/2026\/01\/Legowiska-768x996.jpg 768w, https:\/\/fabb.pl\/wp-content\/uploads\/2026\/01\/Legowiska.jpg 1050w\" sizes=\"auto, (max-width: 789px) 100vw, 789px\" \/>\r\n                            \r\n                            <div class=\"fabric-collection-card__figcaption\">\r\n                                \r\n\r\n                                <h3 class=\"fabric-collection-card__heading fabric-collection-card__heading--large\">\r\n                                    Tkaniny na legowiska\r\n                                <\/h3>\r\n\r\n                                                                    <p class=\"fabric-collection-card__paragraph\">\r\n                                        odporne na zadrapania \u2013 na legowiska, meble tapicerowane\r\n                                    <\/p>\r\n                                \r\n                                <a class=\" fabric-collection-card__link link-next link-next--outline\" href=\"https:\/\/fabb.pl\/de\/tkaniny\/tkaniny-na-legowiska\/\">\r\n                                    Entdecken Sie Unsere Stoffkollektion\r\n                                <\/a>\r\n                            <\/div>\r\n                        <\/div>\r\n                    <\/article>\r\n                <\/div>\r\n                            <div class=\"block-fabrics-browse__slide swiper-slide\">\r\n                    <article class=\"fabric-collection-card\">\r\n                        <a class=\"fabric-collection-card__anchor\" href=\"https:\/\/fabb.pl\/de\/tkaniny\/tkaniny-dekoracyjne\/\"><\/a>\r\n\r\n                        <div class=\"fabric-collection-card__figure\">\r\n                            \r\n                                                            <img decoding=\"async\" width=\"789\" height=\"1024\" src=\"https:\/\/fabb.pl\/wp-content\/uploads\/2026\/01\/dekoracyjne-789x1024.jpg\" class=\"fabric-collection-card__image fabric-collection-card__image--default\" alt=\"\" loading=\"lazy\" srcset=\"https:\/\/fabb.pl\/wp-content\/uploads\/2026\/01\/dekoracyjne-789x1024.jpg 789w, https:\/\/fabb.pl\/wp-content\/uploads\/2026\/01\/dekoracyjne-231x300.jpg 231w, https:\/\/fabb.pl\/wp-content\/uploads\/2026\/01\/dekoracyjne-768x996.jpg 768w, https:\/\/fabb.pl\/wp-content\/uploads\/2026\/01\/dekoracyjne.jpg 1050w\" sizes=\"auto, (max-width: 789px) 100vw, 789px\" \/>\r\n                            \r\n                            <div class=\"fabric-collection-card__figcaption\">\r\n                                \r\n\r\n                                <h3 class=\"fabric-collection-card__heading fabric-collection-card__heading--large\">\r\n                                    Tkaniny dekoracyjne\r\n                                <\/h3>\r\n\r\n                                                                    <p class=\"fabric-collection-card__paragraph\">\r\n                                        faktury na poduszki, koce, zas\u0142ony\r\n                                    <\/p>\r\n                                \r\n                                <a class=\" fabric-collection-card__link link-next link-next--outline\" href=\"https:\/\/fabb.pl\/de\/tkaniny\/tkaniny-dekoracyjne\/\">\r\n                                    Entdecken Sie Unsere Stoffkollektion\r\n                                <\/a>\r\n                            <\/div>\r\n                        <\/div>\r\n                    <\/article>\r\n                <\/div>\r\n                            <div class=\"block-fabrics-browse__slide swiper-slide\">\r\n                    <article class=\"fabric-collection-card\">\r\n                        <a class=\"fabric-collection-card__anchor\" href=\"https:\/\/fabb.pl\/de\/tkaniny\/tkaniny-kontraktowe\/\"><\/a>\r\n\r\n                        <div class=\"fabric-collection-card__figure\">\r\n                            \r\n                                                            <img decoding=\"async\" width=\"789\" height=\"1024\" src=\"https:\/\/fabb.pl\/wp-content\/uploads\/2026\/01\/kontaktowe-789x1024.jpg\" class=\"fabric-collection-card__image fabric-collection-card__image--default\" alt=\"\" loading=\"lazy\" srcset=\"https:\/\/fabb.pl\/wp-content\/uploads\/2026\/01\/kontaktowe-789x1024.jpg 789w, https:\/\/fabb.pl\/wp-content\/uploads\/2026\/01\/kontaktowe-231x300.jpg 231w, https:\/\/fabb.pl\/wp-content\/uploads\/2026\/01\/kontaktowe-768x996.jpg 768w, https:\/\/fabb.pl\/wp-content\/uploads\/2026\/01\/kontaktowe.jpg 1050w\" sizes=\"auto, (max-width: 789px) 100vw, 789px\" \/>\r\n                            \r\n                            <div class=\"fabric-collection-card__figcaption\">\r\n                                \r\n\r\n                                <h3 class=\"fabric-collection-card__heading fabric-collection-card__heading--large\">\r\n                                    Tkaniny kontraktowe\r\n                                <\/h3>\r\n\r\n                                                                    <p class=\"fabric-collection-card__paragraph\">\r\n                                        powsta\u0142e w procesie waterfree\r\n                                    <\/p>\r\n                                \r\n                                <a class=\" fabric-collection-card__link link-next link-next--outline\" href=\"https:\/\/fabb.pl\/de\/tkaniny\/tkaniny-kontraktowe\/\">\r\n                                    Entdecken Sie Unsere Stoffkollektion\r\n                                <\/a>\r\n                            <\/div>\r\n                        <\/div>\r\n                    <\/article>\r\n                <\/div>\r\n                            <div class=\"block-fabrics-browse__slide swiper-slide\">\r\n                    <article class=\"fabric-collection-card\">\r\n                        <a class=\"fabric-collection-card__anchor\" href=\"https:\/\/fabb.pl\/de\/tkaniny\/outdoor\/\"><\/a>\r\n\r\n                        <div class=\"fabric-collection-card__figure\">\r\n                            \r\n                                                            <img decoding=\"async\" width=\"789\" height=\"1024\" src=\"https:\/\/fabb.pl\/wp-content\/uploads\/2026\/01\/Outdoor-789x1024.jpg\" class=\"fabric-collection-card__image fabric-collection-card__image--default\" alt=\"\" loading=\"lazy\" srcset=\"https:\/\/fabb.pl\/wp-content\/uploads\/2026\/01\/Outdoor-789x1024.jpg 789w, https:\/\/fabb.pl\/wp-content\/uploads\/2026\/01\/Outdoor-231x300.jpg 231w, https:\/\/fabb.pl\/wp-content\/uploads\/2026\/01\/Outdoor-768x996.jpg 768w, https:\/\/fabb.pl\/wp-content\/uploads\/2026\/01\/Outdoor.jpg 1050w\" sizes=\"auto, (max-width: 789px) 100vw, 789px\" \/>\r\n                            \r\n                            <div class=\"fabric-collection-card__figcaption\">\r\n                                \r\n\r\n                                <h3 class=\"fabric-collection-card__heading fabric-collection-card__heading--large\">\r\n                                    Outdoor\r\n                                <\/h3>\r\n\r\n                                                                    <p class=\"fabric-collection-card__paragraph\">\r\n                                        na meble ogrodowe i tarasowe\r\n                                    <\/p>\r\n                                \r\n                                <a class=\" fabric-collection-card__link link-next link-next--outline\" href=\"https:\/\/fabb.pl\/de\/tkaniny\/outdoor\/\">\r\n                                    Entdecken Sie Unsere Stoffkollektion\r\n                                <\/a>\r\n                            <\/div>\r\n                        <\/div>\r\n                    <\/article>\r\n                <\/div>\r\n                    <\/div>\r\n\r\n        <div class=\"block-fabrics-browse__pagination swiper-pagination\"><\/div>\r\n    <\/div>\r\n    \r\n    <div class=\"block-fabrics-browse__grid\">\r\n                    <div class=\"block-fabrics-browse__item block-fabrics-browse__item--1\">\r\n                <article class=\"fabric-collection-card\">\r\n                    <a class=\"fabric-collection-card__anchor\" href=\"https:\/\/fabb.pl\/de\/tkaniny\/tkaniny-tapicerskie\/\"><\/a>\r\n\r\n                    <div class=\"fabric-collection-card__figure\">\r\n                                                \r\n                                                    <img decoding=\"async\" width=\"1024\" height=\"634\" src=\"https:\/\/fabb.pl\/wp-content\/uploads\/2026\/01\/Tapicerskie-1024x634.jpg\" class=\"fabric-collection-card__image fabric-collection-card__image--default\" alt=\"\" loading=\"lazy\" srcset=\"https:\/\/fabb.pl\/wp-content\/uploads\/2026\/01\/Tapicerskie-1024x634.jpg 1024w, https:\/\/fabb.pl\/wp-content\/uploads\/2026\/01\/Tapicerskie-300x186.jpg 300w, https:\/\/fabb.pl\/wp-content\/uploads\/2026\/01\/Tapicerskie-768x475.jpg 768w, https:\/\/fabb.pl\/wp-content\/uploads\/2026\/01\/Tapicerskie.jpg 1100w\" sizes=\"auto, (max-width: 1024px) 100vw, 1024px\" \/>\r\n                        \r\n                                                    <img decoding=\"async\" width=\"1024\" height=\"634\" src=\"https:\/\/fabb.pl\/wp-content\/uploads\/2026\/01\/Tkanina-tapicerska-Wild-hover-1024x634.jpg\" class=\"fabric-collection-card__image fabric-collection-card__image--hover\" alt=\"\" loading=\"lazy\" srcset=\"https:\/\/fabb.pl\/wp-content\/uploads\/2026\/01\/Tkanina-tapicerska-Wild-hover-1024x634.jpg 1024w, https:\/\/fabb.pl\/wp-content\/uploads\/2026\/01\/Tkanina-tapicerska-Wild-hover-300x186.jpg 300w, https:\/\/fabb.pl\/wp-content\/uploads\/2026\/01\/Tkanina-tapicerska-Wild-hover-768x475.jpg 768w, https:\/\/fabb.pl\/wp-content\/uploads\/2026\/01\/Tkanina-tapicerska-Wild-hover.jpg 1100w\" sizes=\"auto, (max-width: 1024px) 100vw, 1024px\" \/>\r\n                        \r\n                        <div class=\"fabric-collection-card__figcaption\">\r\n                            \r\n\r\n                            <h3 class=\"fabric-collection-card__heading fabric-collection-card__heading--large\">\r\n                                Tkaniny tapicerskie\r\n                            <\/h3>\r\n\r\n                                                            <p class=\"fabric-collection-card__paragraph\">\r\n                                    na sofy, fotele i krzes\u0142a, \u0142\u00f3\u017cka i panele dekoracyjne\r\n                                <\/p>\r\n                            \r\n                            <a class=\" fabric-collection-card__link link-next link-next--outline\" href=\"https:\/\/fabb.pl\/de\/tkaniny\/tkaniny-tapicerskie\/\">\r\n                                Entdecken Sie Unsere Stoffkollektion\r\n                            <\/a>\r\n                        <\/div>\r\n                    <\/div>\r\n                <\/article>\r\n            <\/div>\r\n                    <div class=\"block-fabrics-browse__item block-fabrics-browse__item--2\">\r\n                <article class=\"fabric-collection-card\">\r\n                    <a class=\"fabric-collection-card__anchor\" href=\"https:\/\/fabb.pl\/de\/tkaniny\/tkaniny-na-legowiska\/\"><\/a>\r\n\r\n                    <div class=\"fabric-collection-card__figure\">\r\n                                                \r\n                                                    <img decoding=\"async\" width=\"789\" height=\"1024\" src=\"https:\/\/fabb.pl\/wp-content\/uploads\/2026\/01\/Legowiska-789x1024.jpg\" class=\"fabric-collection-card__image fabric-collection-card__image--default\" alt=\"\" loading=\"lazy\" srcset=\"https:\/\/fabb.pl\/wp-content\/uploads\/2026\/01\/Legowiska-789x1024.jpg 789w, https:\/\/fabb.pl\/wp-content\/uploads\/2026\/01\/Legowiska-231x300.jpg 231w, https:\/\/fabb.pl\/wp-content\/uploads\/2026\/01\/Legowiska-768x996.jpg 768w, https:\/\/fabb.pl\/wp-content\/uploads\/2026\/01\/Legowiska.jpg 1050w\" sizes=\"auto, (max-width: 789px) 100vw, 789px\" \/>\r\n                        \r\n                                                    <img decoding=\"async\" width=\"789\" height=\"1024\" src=\"https:\/\/fabb.pl\/wp-content\/uploads\/2026\/01\/LegowiskaHover-789x1024.jpg\" class=\"fabric-collection-card__image fabric-collection-card__image--hover\" alt=\"\" loading=\"lazy\" srcset=\"https:\/\/fabb.pl\/wp-content\/uploads\/2026\/01\/LegowiskaHover-789x1024.jpg 789w, https:\/\/fabb.pl\/wp-content\/uploads\/2026\/01\/LegowiskaHover-231x300.jpg 231w, https:\/\/fabb.pl\/wp-content\/uploads\/2026\/01\/LegowiskaHover-768x996.jpg 768w, https:\/\/fabb.pl\/wp-content\/uploads\/2026\/01\/LegowiskaHover.jpg 1050w\" sizes=\"auto, (max-width: 789px) 100vw, 789px\" \/>\r\n                        \r\n                        <div class=\"fabric-collection-card__figcaption\">\r\n                            \r\n\r\n                            <h3 class=\"fabric-collection-card__heading fabric-collection-card__heading--large\">\r\n                                Tkaniny na legowiska\r\n                            <\/h3>\r\n\r\n                                                            <p class=\"fabric-collection-card__paragraph\">\r\n                                    odporne na zadrapania \u2013 na legowiska, meble tapicerowane\r\n                                <\/p>\r\n                            \r\n                            <a class=\" fabric-collection-card__link link-next link-next--outline\" href=\"https:\/\/fabb.pl\/de\/tkaniny\/tkaniny-na-legowiska\/\">\r\n                                Entdecken Sie Unsere Stoffkollektion\r\n                            <\/a>\r\n                        <\/div>\r\n                    <\/div>\r\n                <\/article>\r\n            <\/div>\r\n                    <div class=\"block-fabrics-browse__item block-fabrics-browse__item--3\">\r\n                <article class=\"fabric-collection-card\">\r\n                    <a class=\"fabric-collection-card__anchor\" href=\"https:\/\/fabb.pl\/de\/tkaniny\/tkaniny-dekoracyjne\/\"><\/a>\r\n\r\n                    <div class=\"fabric-collection-card__figure\">\r\n                                                \r\n                                                    <img decoding=\"async\" width=\"789\" height=\"1024\" src=\"https:\/\/fabb.pl\/wp-content\/uploads\/2026\/01\/dekoracyjne-789x1024.jpg\" class=\"fabric-collection-card__image fabric-collection-card__image--default\" alt=\"\" loading=\"lazy\" srcset=\"https:\/\/fabb.pl\/wp-content\/uploads\/2026\/01\/dekoracyjne-789x1024.jpg 789w, https:\/\/fabb.pl\/wp-content\/uploads\/2026\/01\/dekoracyjne-231x300.jpg 231w, https:\/\/fabb.pl\/wp-content\/uploads\/2026\/01\/dekoracyjne-768x996.jpg 768w, https:\/\/fabb.pl\/wp-content\/uploads\/2026\/01\/dekoracyjne.jpg 1050w\" sizes=\"auto, (max-width: 789px) 100vw, 789px\" \/>\r\n                        \r\n                                                    <img decoding=\"async\" width=\"789\" height=\"1024\" src=\"https:\/\/fabb.pl\/wp-content\/uploads\/2026\/01\/dekoracyjne_hover-789x1024.jpg\" class=\"fabric-collection-card__image fabric-collection-card__image--hover\" alt=\"\" loading=\"lazy\" srcset=\"https:\/\/fabb.pl\/wp-content\/uploads\/2026\/01\/dekoracyjne_hover-789x1024.jpg 789w, https:\/\/fabb.pl\/wp-content\/uploads\/2026\/01\/dekoracyjne_hover-231x300.jpg 231w, https:\/\/fabb.pl\/wp-content\/uploads\/2026\/01\/dekoracyjne_hover-768x996.jpg 768w, https:\/\/fabb.pl\/wp-content\/uploads\/2026\/01\/dekoracyjne_hover.jpg 1050w\" sizes=\"auto, (max-width: 789px) 100vw, 789px\" \/>\r\n                        \r\n                        <div class=\"fabric-collection-card__figcaption\">\r\n                            \r\n\r\n                            <h3 class=\"fabric-collection-card__heading fabric-collection-card__heading--large\">\r\n                                Tkaniny dekoracyjne\r\n                            <\/h3>\r\n\r\n                                                            <p class=\"fabric-collection-card__paragraph\">\r\n                                    faktury na poduszki, koce, zas\u0142ony\r\n                                <\/p>\r\n                            \r\n                            <a class=\" fabric-collection-card__link link-next link-next--outline\" href=\"https:\/\/fabb.pl\/de\/tkaniny\/tkaniny-dekoracyjne\/\">\r\n                                Entdecken Sie Unsere Stoffkollektion\r\n                            <\/a>\r\n                        <\/div>\r\n                    <\/div>\r\n                <\/article>\r\n            <\/div>\r\n                    <div class=\"block-fabrics-browse__item block-fabrics-browse__item--4\">\r\n                <article class=\"fabric-collection-card\">\r\n                    <a class=\"fabric-collection-card__anchor\" href=\"https:\/\/fabb.pl\/de\/tkaniny\/tkaniny-kontraktowe\/\"><\/a>\r\n\r\n                    <div class=\"fabric-collection-card__figure\">\r\n                                                \r\n                                                    <img decoding=\"async\" width=\"789\" height=\"1024\" src=\"https:\/\/fabb.pl\/wp-content\/uploads\/2026\/01\/kontaktowe-789x1024.jpg\" class=\"fabric-collection-card__image fabric-collection-card__image--default\" alt=\"\" loading=\"lazy\" srcset=\"https:\/\/fabb.pl\/wp-content\/uploads\/2026\/01\/kontaktowe-789x1024.jpg 789w, https:\/\/fabb.pl\/wp-content\/uploads\/2026\/01\/kontaktowe-231x300.jpg 231w, https:\/\/fabb.pl\/wp-content\/uploads\/2026\/01\/kontaktowe-768x996.jpg 768w, https:\/\/fabb.pl\/wp-content\/uploads\/2026\/01\/kontaktowe.jpg 1050w\" sizes=\"auto, (max-width: 789px) 100vw, 789px\" \/>\r\n                        \r\n                                                    <img decoding=\"async\" width=\"789\" height=\"1024\" src=\"https:\/\/fabb.pl\/wp-content\/uploads\/2026\/01\/kontaktoweHover-789x1024.jpg\" class=\"fabric-collection-card__image fabric-collection-card__image--hover\" alt=\"\" loading=\"lazy\" srcset=\"https:\/\/fabb.pl\/wp-content\/uploads\/2026\/01\/kontaktoweHover-789x1024.jpg 789w, https:\/\/fabb.pl\/wp-content\/uploads\/2026\/01\/kontaktoweHover-231x300.jpg 231w, https:\/\/fabb.pl\/wp-content\/uploads\/2026\/01\/kontaktoweHover-768x996.jpg 768w, https:\/\/fabb.pl\/wp-content\/uploads\/2026\/01\/kontaktoweHover.jpg 1050w\" sizes=\"auto, (max-width: 789px) 100vw, 789px\" \/>\r\n                        \r\n                        <div class=\"fabric-collection-card__figcaption\">\r\n                            \r\n\r\n                            <h3 class=\"fabric-collection-card__heading fabric-collection-card__heading--large\">\r\n                                Tkaniny kontraktowe\r\n                            <\/h3>\r\n\r\n                                                            <p class=\"fabric-collection-card__paragraph\">\r\n                                    powsta\u0142e w procesie waterfree\r\n                                <\/p>\r\n                            \r\n                            <a class=\" fabric-collection-card__link link-next link-next--outline\" href=\"https:\/\/fabb.pl\/de\/tkaniny\/tkaniny-kontraktowe\/\">\r\n                                Entdecken Sie Unsere Stoffkollektion\r\n                            <\/a>\r\n                        <\/div>\r\n                    <\/div>\r\n                <\/article>\r\n            <\/div>\r\n                    <div class=\"block-fabrics-browse__item block-fabrics-browse__item--5\">\r\n                <article class=\"fabric-collection-card\">\r\n                    <a class=\"fabric-collection-card__anchor\" href=\"https:\/\/fabb.pl\/de\/tkaniny\/outdoor\/\"><\/a>\r\n\r\n                    <div class=\"fabric-collection-card__figure\">\r\n                                                \r\n                                                    <img decoding=\"async\" width=\"789\" height=\"1024\" src=\"https:\/\/fabb.pl\/wp-content\/uploads\/2026\/01\/Outdoor-789x1024.jpg\" class=\"fabric-collection-card__image fabric-collection-card__image--default\" alt=\"\" loading=\"lazy\" srcset=\"https:\/\/fabb.pl\/wp-content\/uploads\/2026\/01\/Outdoor-789x1024.jpg 789w, https:\/\/fabb.pl\/wp-content\/uploads\/2026\/01\/Outdoor-231x300.jpg 231w, https:\/\/fabb.pl\/wp-content\/uploads\/2026\/01\/Outdoor-768x996.jpg 768w, https:\/\/fabb.pl\/wp-content\/uploads\/2026\/01\/Outdoor.jpg 1050w\" sizes=\"auto, (max-width: 789px) 100vw, 789px\" \/>\r\n                        \r\n                                                    <img decoding=\"async\" width=\"789\" height=\"1024\" src=\"https:\/\/fabb.pl\/wp-content\/uploads\/2026\/01\/Outdoor_hover-789x1024.jpg\" class=\"fabric-collection-card__image fabric-collection-card__image--hover\" alt=\"\" loading=\"lazy\" srcset=\"https:\/\/fabb.pl\/wp-content\/uploads\/2026\/01\/Outdoor_hover-789x1024.jpg 789w, https:\/\/fabb.pl\/wp-content\/uploads\/2026\/01\/Outdoor_hover-231x300.jpg 231w, https:\/\/fabb.pl\/wp-content\/uploads\/2026\/01\/Outdoor_hover-768x996.jpg 768w, https:\/\/fabb.pl\/wp-content\/uploads\/2026\/01\/Outdoor_hover.jpg 1050w\" sizes=\"auto, (max-width: 789px) 100vw, 789px\" \/>\r\n                        \r\n                        <div class=\"fabric-collection-card__figcaption\">\r\n                            \r\n\r\n                            <h3 class=\"fabric-collection-card__heading fabric-collection-card__heading--large\">\r\n                                Outdoor\r\n                            <\/h3>\r\n\r\n                                                            <p class=\"fabric-collection-card__paragraph\">\r\n                                    na meble ogrodowe i tarasowe\r\n                                <\/p>\r\n                            \r\n                            <a class=\" fabric-collection-card__link link-next link-next--outline\" href=\"https:\/\/fabb.pl\/de\/tkaniny\/outdoor\/\">\r\n                                Entdecken Sie Unsere Stoffkollektion\r\n                            <\/a>\r\n                        <\/div>\r\n                    <\/div>\r\n                <\/article>\r\n            <\/div>\r\n            <\/div>\r\n\r\n    <div class=\"block-fabrics-browse__actions\">\r\n        <a class=\"block-fabrics-browse__link link-next link-next--mobile\" href=\"#\">\r\n            Zobacz wszystkie kolekcje\r\n        <\/a>\r\n    <\/div>\r\n    <\/div>\r\n<\/section>\r\n\n\n<section class=\"block-slider-collections\">\r\n      <div class=\"block-slider-collections__container container-next\">\r\n        <header class=\"block-slider-collections__header\">\r\n                            <h2 class=\"block-slider-collections__heading\">\r\n                    Die Geschichte beginnt mit Textur\r\n                <\/h2>\r\n                      \r\n                                                                        \r\n            <a class=\"block-slider-collections__link link-next link-next--desktop\" href=\"https:\/\/fabb.pl\/de\/tkaniny\/\" target=\"_self\">\r\n                Entdecken Sie die neuesten Kollektionen\r\n            <\/a>\r\n        <\/header>\r\n\r\n                    <div class=\"block-slider-collections__swiper swiper\">\r\n                <div class=\"block-slider-collections__wrapper swiper-wrapper\">\r\n                                            \r\n                        <div class=\"block-slider-collections__slide swiper-slide\" >\r\n                                                                                                                \r\n                            <div class=\"block-slider-collections__contentWrapper\">\r\n                                <div class=\"block-slider-collections__content video\">\r\n\r\n                                                                            <h4 class=\"block-slider-collections__title\">\r\n                                            CRAFT \u2013 ein Hybridmaterial, das sich wie Leder verh\u00e4lt\r\n                                        <\/h4>\r\n                                    \r\n                                                                            <p class=\"block-slider-collections__paragraph\">\r\n                                            Kunstleder, das wie ein Material mit Lederkern funktioniert\r\n                                        <\/p>\r\n                                    \r\n                                                                                                                                                            \r\n                                        <a class=\"block-slider-collections__link link-next\" href=\"https:\/\/fabb.pl\/de\/stoffkatalog\/craft\/\" target=\"_self\">\r\n                                            CRAFT\r\n                                        <\/a>\r\n                                                                    <\/div>\r\n\r\n                                <div class=\"block-slider-collections__media\">\r\n\r\n                                                                            <video class=\"block-slider-collections__video\" src=\"https:\/\/fabb.pl\/wp-content\/uploads\/2026\/03\/Craftpoziom.mp4\" muted playsinline autoplay loop><\/video>\r\n                                    \r\n                                                                    <\/div>\r\n                            <\/div>\r\n\r\n\r\n                        <\/div>\r\n                                            \r\n                        <div class=\"block-slider-collections__slide swiper-slide\" >\r\n                                                                                                                \r\n                            <div class=\"block-slider-collections__contentWrapper\">\r\n                                <div class=\"block-slider-collections__content \">\r\n\r\n                                                                            <h4 class=\"block-slider-collections__title\">\r\n                                            NOELLE \u2013 melange chic\r\n                                        <\/h4>\r\n                                    \r\n                                                                            <p class=\"block-slider-collections__paragraph\">\r\n                                            Raffinierte Chenille im Midcentury-Stil mit ausdrucksstarker Struktur in Erdt\u00f6nen\r\n                                        <\/p>\r\n                                    \r\n                                                                                                                                                            \r\n                                        <a class=\"block-slider-collections__link link-next\" href=\"https:\/\/fabb.pl\/de\/stoffkatalog\/noelle\/\" target=\"_self\">\r\n                                            NOELLE\r\n                                        <\/a>\r\n                                                                    <\/div>\r\n\r\n                                <div class=\"block-slider-collections__media\">\r\n\r\n                                    \r\n                                                                            <img decoding=\"async\" width=\"1675\" height=\"681\" src=\"https:\/\/fabb.pl\/wp-content\/uploads\/2026\/01\/Artboard-2.jpg\" class=\"block-slider-collections__image\" alt=\"\" srcset=\"https:\/\/fabb.pl\/wp-content\/uploads\/2026\/01\/Artboard-2.jpg 1675w, https:\/\/fabb.pl\/wp-content\/uploads\/2026\/01\/Artboard-2-300x122.jpg 300w, https:\/\/fabb.pl\/wp-content\/uploads\/2026\/01\/Artboard-2-1024x416.jpg 1024w, https:\/\/fabb.pl\/wp-content\/uploads\/2026\/01\/Artboard-2-768x312.jpg 768w, https:\/\/fabb.pl\/wp-content\/uploads\/2026\/01\/Artboard-2-1536x624.jpg 1536w\" sizes=\"(max-width: 1675px) 100vw, 1675px\" \/>\r\n                                                                    <\/div>\r\n                            <\/div>\r\n\r\n\r\n                        <\/div>\r\n                                            \r\n                        <div class=\"block-slider-collections__slide swiper-slide\" >\r\n                                                                                                                \r\n                            <div class=\"block-slider-collections__contentWrapper\">\r\n                                <div class=\"block-slider-collections__content \">\r\n\r\n                                                                            <h4 class=\"block-slider-collections__title\">\r\n                                            DIVO &#8211; soft structure\r\n                                        <\/h4>\r\n                                    \r\n                                                                            <p class=\"block-slider-collections__paragraph\">\r\n                                            Ein Stoff, der eine zarte Reliefstruktur mit einer weichen Haptik verbindet und eine ausgewogene Basis f\u00fcr moderne Wohnm\u00f6bel bildet.\r\n                                        <\/p>\r\n                                    \r\n                                                                                                                                                            \r\n                                        <a class=\"block-slider-collections__link link-next\" href=\"https:\/\/fabb.pl\/de\/stoffkatalog\/divo\/\" target=\"_self\">\r\n                                            Siehe Kollektion\r\n                                        <\/a>\r\n                                                                    <\/div>\r\n\r\n                                <div class=\"block-slider-collections__media\">\r\n\r\n                                    \r\n                                                                            <img decoding=\"async\" width=\"1675\" height=\"681\" src=\"https:\/\/fabb.pl\/wp-content\/uploads\/2026\/01\/DIVO_02.jpg\" class=\"block-slider-collections__image\" alt=\"\" srcset=\"https:\/\/fabb.pl\/wp-content\/uploads\/2026\/01\/DIVO_02.jpg 1675w, https:\/\/fabb.pl\/wp-content\/uploads\/2026\/01\/DIVO_02-300x122.jpg 300w, https:\/\/fabb.pl\/wp-content\/uploads\/2026\/01\/DIVO_02-1024x416.jpg 1024w, https:\/\/fabb.pl\/wp-content\/uploads\/2026\/01\/DIVO_02-768x312.jpg 768w, https:\/\/fabb.pl\/wp-content\/uploads\/2026\/01\/DIVO_02-1536x624.jpg 1536w\" sizes=\"(max-width: 1675px) 100vw, 1675px\" \/>\r\n                                                                    <\/div>\r\n                            <\/div>\r\n\r\n\r\n                        <\/div>\r\n                                            \r\n                        <div class=\"block-slider-collections__slide swiper-slide\" >\r\n                                                                                                                \r\n                            <div class=\"block-slider-collections__contentWrapper\">\r\n                                <div class=\"block-slider-collections__content \">\r\n\r\n                                                                            <h4 class=\"block-slider-collections__title\">\r\n                                            NEXI \u2013 nordischer Minimalismus\r\n                                        <\/h4>\r\n                                    \r\n                                                                            <p class=\"block-slider-collections__paragraph\">\r\n                                            Neutrales Design, einfache Webart, die an Leinen erinnert, in einer Farbpalette, die der Natur nachempfunden ist.\r\n                                        <\/p>\r\n                                    \r\n                                                                                                                                                            \r\n                                        <a class=\"block-slider-collections__link link-next\" href=\"https:\/\/fabb.pl\/de\/stoffkatalog\/nexi\/\" target=\"_self\">\r\n                                            Siehe Kollektion\r\n                                        <\/a>\r\n                                                                    <\/div>\r\n\r\n                                <div class=\"block-slider-collections__media\">\r\n\r\n                                    \r\n                                                                            <img decoding=\"async\" width=\"1675\" height=\"681\" src=\"https:\/\/fabb.pl\/wp-content\/uploads\/2026\/01\/NEXI_01.jpg\" class=\"block-slider-collections__image\" alt=\"\" srcset=\"https:\/\/fabb.pl\/wp-content\/uploads\/2026\/01\/NEXI_01.jpg 1675w, https:\/\/fabb.pl\/wp-content\/uploads\/2026\/01\/NEXI_01-300x122.jpg 300w, https:\/\/fabb.pl\/wp-content\/uploads\/2026\/01\/NEXI_01-1024x416.jpg 1024w, https:\/\/fabb.pl\/wp-content\/uploads\/2026\/01\/NEXI_01-768x312.jpg 768w, https:\/\/fabb.pl\/wp-content\/uploads\/2026\/01\/NEXI_01-1536x624.jpg 1536w\" sizes=\"(max-width: 1675px) 100vw, 1675px\" \/>\r\n                                                                    <\/div>\r\n                            <\/div>\r\n\r\n\r\n                        <\/div>\r\n                                    <\/div>\r\n\r\n                <div class=\"block-slider-collections__pagination swiper-pagination\"><\/div>\r\n            <\/div>\r\n        \r\n                    <div class=\"block-slider-collections__actions\">\r\n                <a class=\"block-slider-collections__link link-next link-next--mobile\" href=\"https:\/\/fabb.pl\/de\/tkaniny\/\" target=\"_self\">\r\n                    Entdecken Sie die neuesten Kollektionen\r\n                <\/a>\r\n            <\/div>\r\n              <\/div>\r\n    <\/section>\n\n<section class=\"block-latest-posts\">\r\n    <div class=\"block-latest-posts__container container-next\">\r\n        <header class=\"block-latest-posts__header\">\r\n                            <h2 class=\"block-latest-posts__heading\">\r\n                    Blog\r\n                <\/h2>\r\n                        \r\n                                                            \r\n                <a class=\"block-latest-posts__link link-next link-next--desktop link-next--transparent\" href=\"https:\/\/fabb.pl\/de\/blog\/\" target=\"_self\">\r\n                    Alle Eintr\u00e4ge anzeigen\r\n                <\/a>\r\n                    <\/header>\r\n\r\n    <div class=\"block-latest-posts__grid\">\r\n                    <div class=\"block-latest-posts__item\">\r\n                <article class=\"block-latest-posts__article\">\r\n                    <a class=\"block-latest-posts__anchor\" href=https:\/\/fabb.pl\/de\/ciff-2026-china-design-shift\/><\/a>\r\n\r\n                    <img decoding=\"async\" width=\"936\" height=\"598\" src=\"https:\/\/fabb.pl\/wp-content\/uploads\/2026\/04\/Artboard-1-9.webp\" class=\"block-latest-posts__image wp-post-image\" alt=\"\" srcset=\"https:\/\/fabb.pl\/wp-content\/uploads\/2026\/04\/Artboard-1-9.webp 936w, https:\/\/fabb.pl\/wp-content\/uploads\/2026\/04\/Artboard-1-9-300x192.webp 300w, https:\/\/fabb.pl\/wp-content\/uploads\/2026\/04\/Artboard-1-9-768x491.webp 768w\" sizes=\"(max-width: 936px) 100vw, 936px\" \/>\r\n\r\n                    <time class=\"block-latest-posts__time\" datetime=\"2026-04-23T11:49:52+02:00\">\r\n                        2026-04-23\r\n                    <\/time>\r\n\r\n                    <h4 class=\"block-latest-posts__title\">\r\n                        CIFF 2026: Is China Becoming the World&#039;s Next Design Trendsetter?\r\n                    <\/h4>\r\n\r\n                    <p class=\"block-latest-posts__paragraph\">\r\n                        \r\n                    <\/p>\r\n\r\n                    <a class=\"block-latest-posts__link block-latest-posts__link--post link-next link-next-mobile link-next--underline\" href=\"https:\/\/fabb.pl\/de\/ciff-2026-china-design-shift\/\">\r\n                        mehr lesen\r\n                    <\/a>\r\n                <\/article>\r\n            <\/div>\r\n                    <div class=\"block-latest-posts__item\">\r\n                <article class=\"block-latest-posts__article\">\r\n                    <a class=\"block-latest-posts__anchor\" href=https:\/\/fabb.pl\/de\/upholstery-fabric-trends-meble-polska-2026\/><\/a>\r\n\r\n                    <img decoding=\"async\" width=\"936\" height=\"598\" src=\"https:\/\/fabb.pl\/wp-content\/uploads\/2026\/04\/okladka-blog-meble-polska-2026_ENG-2.webp\" class=\"block-latest-posts__image wp-post-image\" alt=\"\" srcset=\"https:\/\/fabb.pl\/wp-content\/uploads\/2026\/04\/okladka-blog-meble-polska-2026_ENG-2.webp 936w, https:\/\/fabb.pl\/wp-content\/uploads\/2026\/04\/okladka-blog-meble-polska-2026_ENG-2-300x192.webp 300w, https:\/\/fabb.pl\/wp-content\/uploads\/2026\/04\/okladka-blog-meble-polska-2026_ENG-2-768x491.webp 768w\" sizes=\"(max-width: 936px) 100vw, 936px\" \/>\r\n\r\n                    <time class=\"block-latest-posts__time\" datetime=\"2026-04-16T11:40:29+02:00\">\r\n                        2026-04-16\r\n                    <\/time>\r\n\r\n                    <h4 class=\"block-latest-posts__title\">\r\n                        Meble POLSKA 2026\r\n                    <\/h4>\r\n\r\n                    <p class=\"block-latest-posts__paragraph\">\r\n                        \r\n                    <\/p>\r\n\r\n                    <a class=\"block-latest-posts__link block-latest-posts__link--post link-next link-next-mobile link-next--underline\" href=\"https:\/\/fabb.pl\/de\/upholstery-fabric-trends-meble-polska-2026\/\">\r\n                        mehr lesen\r\n                    <\/a>\r\n                <\/article>\r\n            <\/div>\r\n        \r\n        <div class=\"block-latest-posts__item block-latest-posts__item--distinct\">\r\n                                    <h4 class=\"block-latest-posts__title block-latest-posts__title--large\">\r\n                        Bleiben Sie l\u00e4nger mit uns in Verbindung\r\n                    <\/h4>\r\n                \r\n                                    <h5 class=\"block-latest-posts__subtitle\">\r\n                        NEWSLETTER ABONNIEREN\r\n                    <\/h5>\r\n                \r\n                                    <div class=\"block-latest-posts__form\">\r\n                        \n<div class=\"wpcf7 no-js\" id=\"wpcf7-f33354-o1\" lang=\"de-DE\" dir=\"ltr\" data-wpcf7-id=\"33354\">\n<div class=\"screen-reader-response\"><p role=\"status\" aria-live=\"polite\" aria-atomic=\"true\"><\/p> <ul><\/ul><\/div>\n<form action=\"\/de\/wp-json\/wp\/v2\/pages\/5868#wpcf7-f33354-o1\" method=\"post\" class=\"wpcf7-form init\" aria-label=\"Kontaktformular\" novalidate=\"novalidate\" data-status=\"init\">\n<fieldset class=\"hidden-fields-container\"><input type=\"hidden\" name=\"_wpcf7\" value=\"33354\" \/><input type=\"hidden\" name=\"_wpcf7_version\" value=\"6.1.4\" \/><input type=\"hidden\" name=\"_wpcf7_locale\" value=\"de_DE\" \/><input type=\"hidden\" name=\"_wpcf7_unit_tag\" value=\"wpcf7-f33354-o1\" \/><input type=\"hidden\" name=\"_wpcf7_container_post\" value=\"0\" \/><input type=\"hidden\" name=\"_wpcf7_posted_data_hash\" value=\"\" \/><input type=\"hidden\" name=\"_wpcf7_recaptcha_response\" value=\"\" \/>\n<\/fieldset>\n<label>\n    <span class=\"wpcf7-form-control-wrap\" data-name=\"your-email\"><input size=\"40\" maxlength=\"400\" class=\"wpcf7-form-control wpcf7-email wpcf7-validates-as-required wpcf7-text wpcf7-validates-as-email\" id=\"your-email\" autocomplete=\"email\" aria-required=\"true\" aria-invalid=\"false\" placeholder=\"Ihre E-Mail-Adresse\" value=\"\" type=\"email\" name=\"your-email\" \/><\/span> <\/label>\n\n<span class=\"wpcf7-form-control-wrap\" data-name=\"acceptance-676\"><span class=\"wpcf7-form-control wpcf7-acceptance\"><span class=\"wpcf7-list-item\"><label><input type=\"checkbox\" name=\"acceptance-676\" value=\"1\" aria-invalid=\"false\" \/><span class=\"wpcf7-list-item-label\">Ich willige ein, kommerzielle Informationen auf elektronischem Wege an die von mir angegebene E-Mail-Adresse im Sinne von Artikel 10 Absatz 1 des Gesetzes vom 18. Juli 2002 \u00fcber die Erbringung elektronischer Dienstleistungen von fabb.pl zu erhalten.<\/span><\/label><\/span><\/span><\/span>\n\n<input class=\"wpcf7-form-control wpcf7-submit has-spinner\" type=\"submit\" value=\"Abonnieren\" \/><p style=\"display: none !important;\" class=\"akismet-fields-container\" data-prefix=\"_wpcf7_ak_\"><label>&#916;<textarea name=\"_wpcf7_ak_hp_textarea\" cols=\"45\" rows=\"8\" maxlength=\"100\"><\/textarea><\/label><input type=\"hidden\" id=\"ak_js_1\" name=\"_wpcf7_ak_js\" value=\"50\"\/><script>document.getElementById( \"ak_js_1\" ).setAttribute( \"value\", ( new Date() ).getTime() );<\/script><\/p><input type='hidden' class='wpcf7-pum' value='{\"closepopup\":false,\"closedelay\":0,\"openpopup\":false,\"openpopup_id\":0}' \/><div class=\"wpcf7-response-output\" aria-hidden=\"true\"><\/div>\n<\/form>\n<\/div>\n\r\n                    <\/div>\r\n                            <\/div>\r\n        <\/div>\r\n\r\n        <div class=\"block-latest-posts__actions\">\r\n            <a class=\"block-latest-posts__link link-next link-next--mobile link-next--transparent\" href=\"https:\/\/fabb.pl\/de\/blog\/\" target=\"_self\">\r\n                Alle Eintr\u00e4ge anzeigen\r\n            <\/a>\r\n        <\/div>\r\n    <\/div>\r\n<\/section>\r\n\n\n<section class=\"block-owned-brands\">\r\n    <div class=\"block-owned-brands__container container-next\">\r\n        <header class=\"block-owned-brands__header block-owned-brands__header--center\">\r\n                            <h2 class=\"block-owned-brands__heading\">\r\n                    Unsere Marken\r\n                <\/h2>\r\n                    <\/header>\r\n\r\n                    <div class=\"block-owned-brands__grid\">\r\n                                                                                                \r\n                    <div class=\"block-owned-brands__item\"  style=\"--bg-url: url(https:\/\/fabb.pl\/wp-content\/uploads\/2026\/01\/fabb-project.jpg)\" >\r\n                                                    <h3 class=\"block-owned-brands__title\">\r\n                                Fabb project\r\n                            <\/h3>\r\n                        \r\n                                                    <p class=\"block-owned-brands__paragraph\">\r\n                                Mit uns erstellen Sie realistische Visualisierungen Ihrer M\u00f6bel in verschiedenen Stoffen.\r\n                            <\/p>\r\n                        \r\n                                                                                                            \r\n                            <a class=\"block-owned-brands__link link-next link-next--outline\" href=\"https:\/\/fabbproject.fabb.pl\/\" target=\"_self\">\r\n                                Siehe\r\n                            <\/a>\r\n                                            <\/div>\r\n                                                                                                \r\n                    <div class=\"block-owned-brands__item\"  style=\"--bg-url: url(https:\/\/fabb.pl\/wp-content\/uploads\/2026\/01\/oa.jpg)\" >\r\n                                                    <h3 class=\"block-owned-brands__title\">\r\n                                OA \u2013 Textilpflege\r\n                            <\/h3>\r\n                        \r\n                                                    <p class=\"block-owned-brands__paragraph\">\r\n                                Professionelle Reinigungs- und Impr\u00e4gnierungsmittel f\u00fcr Polsterm\u00f6bel\r\n                            <\/p>\r\n                        \r\n                                                                                                            \r\n                            <a class=\"block-owned-brands__link link-next link-next--outline\" href=\"https:\/\/oa.fabb.pl\/\" target=\"_self\">\r\n                                Siehe\r\n                            <\/a>\r\n                                            <\/div>\r\n                            <\/div>\r\n            <\/div>\r\n<\/section>\n\n<section class=\"block-products-links\">\r\n    <div class=\"block-products-links__container container-next container-next--narrow\">\r\n        <div class=\"block-products-links__grid\">\r\n            <div class=\"block-products-links__column\">\r\n                                    <h3 class=\"block-products-links__heading\">\r\n                        Mit unseren Stoffen versch\u00f6nern wir Innenr\u00e4ume auf der ganzen Welt.\r\n                    <\/h3>\r\n                \r\n                                    <p class=\"block-products-links__paragraph\">\r\n                        Kontaktieren Sie uns einfach, um Zugang zu unserer Plattform zu erhalten, auf der Sie eine gro\u00dfe Auswahl an einzigartigen M\u00f6belmodellen sowie verf\u00fcgbare Fabb-Stofftexturen finden, die Sie ganz einfach in Ihre eigenen Designprogramme importieren k\u00f6nnen.\r\n                    <\/p>\r\n                \r\n                                    <nav class=\"block-products-links__nav\">\r\n                        <ul class=\"block-products-links__list\">\r\n                                                            <li class=\"block-products-links__item\">\r\n                                                                                                            \r\n                                    <a class=\"block-products-links__link\" href=\"https:\/\/fabb.pl\/tkaniny\/\" target=\"_self\">\r\n                                        Stoffe \u2192\r\n                                    <\/a>\r\n                                <\/li>\r\n                                                            <li class=\"block-products-links__item\">\r\n                                                                                                            \r\n                                    <a class=\"block-products-links__link\" href=\"https:\/\/oa.fabb.pl\/\" target=\"_self\">\r\n                                        Reinigungsmittel \u2192\r\n                                    <\/a>\r\n                                <\/li>\r\n                                                            <li class=\"block-products-links__item\">\r\n                                                                                                            \r\n                                    <a class=\"block-products-links__link\" href=\"https:\/\/fabbproject.fabb.pl\/\" target=\"_self\">\r\n                                        3D-Visualisierungen \u2192\r\n                                    <\/a>\r\n                                <\/li>\r\n                                                    <\/ul>\r\n                    <\/nav>\r\n                            <\/div>\r\n\r\n            <div class=\"block-products-links__column block-products-links__column--image\">\r\n                                    <img decoding=\"async\" width=\"1196\" height=\"1442\" src=\"https:\/\/fabb.pl\/wp-content\/uploads\/2026\/01\/fabb-produkty-ilustracja.jpg\" class=\"block-products-links__image\" alt=\"\" loading=\"lazy\" srcset=\"https:\/\/fabb.pl\/wp-content\/uploads\/2026\/01\/fabb-produkty-ilustracja.jpg 1196w, https:\/\/fabb.pl\/wp-content\/uploads\/2026\/01\/fabb-produkty-ilustracja-249x300.jpg 249w, https:\/\/fabb.pl\/wp-content\/uploads\/2026\/01\/fabb-produkty-ilustracja-849x1024.jpg 849w, https:\/\/fabb.pl\/wp-content\/uploads\/2026\/01\/fabb-produkty-ilustracja-768x926.jpg 768w\" sizes=\"auto, (max-width: 1196px) 100vw, 1196px\" \/>\r\n                            <\/div>\r\n        <\/div>\r\n    <\/div>\r\n<\/section>\r\n\n\n<section class=\"block-quick-contact\">\r\n      <div class=\"block-quick-contact__container container-next\">\r\n        <div class=\"block-quick-contact__grid\">\r\n          <div class=\"block-quick-contact__column\">\r\n                            <h3 class=\"block-quick-contact__heading\">\r\n                    Ihre M\u00f6bel verdienen die beste Verarbeitung.\r\n                <\/h3>\r\n            \r\n                            <div class=\"block-quick-contact__paragraph\">\r\n                    <p><strong><a href=\"mailto:fabb@fabb.pl\">fabb@fabb.pl<\/a><\/strong><br \/>\n<strong><a href=\"tel:+48334711174\">+48 33 47 111 74<\/a><\/strong><\/p>\n<p>Kontaktieren Sie uns und entdecken Sie die Kollektion von fabb<\/p>\n\r\n                <\/div>\r\n                      <\/div>\r\n\r\n          <div class=\"block-quick-contact__column\">\r\n                            <div class=\"block-quick-contact__form\">\r\n                    \n<div class=\"wpcf7 no-js\" id=\"wpcf7-f41957-o2\" lang=\"de-DE\" dir=\"ltr\" data-wpcf7-id=\"41957\">\n<div class=\"screen-reader-response\"><p role=\"status\" aria-live=\"polite\" aria-atomic=\"true\"><\/p> <ul><\/ul><\/div>\n<form action=\"\/de\/wp-json\/wp\/v2\/pages\/5868#wpcf7-f41957-o2\" method=\"post\" class=\"wpcf7-form init\" aria-label=\"Kontaktformular\" novalidate=\"novalidate\" data-status=\"init\">\n<fieldset class=\"hidden-fields-container\"><input type=\"hidden\" name=\"_wpcf7\" value=\"41957\" \/><input type=\"hidden\" name=\"_wpcf7_version\" value=\"6.1.4\" \/><input type=\"hidden\" name=\"_wpcf7_locale\" value=\"de_DE\" \/><input type=\"hidden\" name=\"_wpcf7_unit_tag\" value=\"wpcf7-f41957-o2\" \/><input type=\"hidden\" name=\"_wpcf7_container_post\" value=\"0\" \/><input type=\"hidden\" name=\"_wpcf7_posted_data_hash\" value=\"\" \/><input type=\"hidden\" name=\"_wpcf7_recaptcha_response\" value=\"\" \/>\n<\/fieldset>\n<span style=\"color:#000; font-weight:bold;\">\nSchneller Kontakt\n<\/span>\n\n<label>\n    <span class=\"wpcf7-form-control-wrap\" data-name=\"your-name\"><input size=\"40\" maxlength=\"400\" class=\"wpcf7-form-control wpcf7-text wpcf7-validates-as-required\" autocomplete=\"name\" aria-required=\"true\" aria-invalid=\"false\" placeholder=\"Vor- und Nachname\" value=\"\" type=\"text\" name=\"your-name\" \/><\/span> <\/label>\n\n<label>\n    <span class=\"wpcf7-form-control-wrap\" data-name=\"your-company\"><input size=\"40\" maxlength=\"400\" class=\"wpcf7-form-control wpcf7-text wpcf7-validates-as-required\" aria-required=\"true\" aria-invalid=\"false\" placeholder=\"Firma\" value=\"\" type=\"text\" name=\"your-company\" \/><\/span> <\/label>\n<label>\n    <span class=\"wpcf7-form-control-wrap\" data-name=\"nip\"><input size=\"40\" maxlength=\"400\" class=\"wpcf7-form-control wpcf7-text wpcf7-validates-as-required\" aria-required=\"true\" aria-invalid=\"false\" placeholder=\"Steuernummer\" value=\"\" type=\"text\" name=\"nip\" \/><\/span> <\/label>\n\n<label>\n    <span class=\"wpcf7-form-control-wrap\" data-name=\"your-phone\"><input size=\"40\" maxlength=\"400\" class=\"wpcf7-form-control wpcf7-text wpcf7-validates-as-required\" aria-required=\"true\" aria-invalid=\"false\" placeholder=\"Telefon\" value=\"\" type=\"text\" name=\"your-phone\" \/><\/span> <\/label>\n\n<label>\n    <span class=\"wpcf7-form-control-wrap\" data-name=\"your-email\"><input size=\"40\" maxlength=\"400\" class=\"wpcf7-form-control wpcf7-email wpcf7-validates-as-required wpcf7-text wpcf7-validates-as-email\" autocomplete=\"email\" aria-required=\"true\" aria-invalid=\"false\" placeholder=\"E-Mail-Adresse\" value=\"\" type=\"email\" name=\"your-email\" \/><\/span> <\/label>\n\n<label>\n    <span class=\"wpcf7-form-control-wrap\" data-name=\"your-message\"><textarea cols=\"40\" rows=\"10\" maxlength=\"2000\" class=\"wpcf7-form-control wpcf7-textarea wpcf7-validates-as-required\" aria-required=\"true\" aria-invalid=\"false\" placeholder=\"Nachrichtentext\" name=\"your-message\"><\/textarea><\/span> <\/label>\n\n<span class=\"wpcf7-form-control-wrap\" data-name=\"acceptance-1\"><span class=\"wpcf7-form-control wpcf7-acceptance\"><span class=\"wpcf7-list-item\"><label><input type=\"checkbox\" name=\"acceptance-1\" value=\"1\" aria-invalid=\"false\" \/><span class=\"wpcf7-list-item-label\">Ich stimme zu, dass Fabb Sp. z o.o., mit Sitz in Bielsko-Bia\u0142a, meine im Kontaktformular angegebenen Daten verarbeitet, um auf meine Anfrage zu antworten und die weitere Korrespondenz zu f\u00fchren.<\/span><\/label><\/span><\/span><\/span>\n\n<span class=\"wpcf7-form-control-wrap\" data-name=\"acceptance-2\"><span class=\"wpcf7-form-control wpcf7-acceptance\"><span class=\"wpcf7-list-item\"><label><input type=\"checkbox\" name=\"acceptance-2\" value=\"1\" aria-invalid=\"false\" \/><span class=\"wpcf7-list-item-label\">Ich best\u00e4tige, dass ich die\n<a href=\"https:\/\/fabb.pl\/de\/privacy-policy\/\" target=\"_blank\" rel=\"noopener noreferrer\">\n  Datenschutzbestimmungen\n<\/a> gelesen habe.<\/span><\/label><\/span><\/span><\/span>\n\n<input class=\"wpcf7-form-control wpcf7-submit has-spinner\" type=\"submit\" value=\"Nachricht senden\" \/><p style=\"display: none !important;\" class=\"akismet-fields-container\" data-prefix=\"_wpcf7_ak_\"><label>&#916;<textarea name=\"_wpcf7_ak_hp_textarea\" cols=\"45\" rows=\"8\" maxlength=\"100\"><\/textarea><\/label><input type=\"hidden\" id=\"ak_js_2\" name=\"_wpcf7_ak_js\" value=\"227\"\/><script>document.getElementById( \"ak_js_2\" ).setAttribute( \"value\", ( new Date() ).getTime() );<\/script><\/p><input type='hidden' class='wpcf7-pum' value='{\"closepopup\":false,\"closedelay\":0,\"openpopup\":false,\"openpopup_id\":0}' \/><div class=\"wpcf7-response-output\" aria-hidden=\"true\"><\/div>\n<\/form>\n<\/div>\n\r\n                <\/div>\r\n                      <\/div>\r\n        <\/div>\r\n      <\/div>\r\n    <\/section>\n\n\n<p><\/p>\n","protected":false},"excerpt":{"rendered":"","protected":false},"author":1,"featured_media":5870,"parent":0,"menu_order":0,"comment_status":"closed","ping_status":"closed","template":"","meta":{"_acf_changed":false,"inline_featured_image":false,"footnotes":""},"class_list":["post-5868","page","type-page","status-publish","has-post-thumbnail","hentry"],"yoast_head":"<!-- This site is optimized with the Yoast SEO plugin v26.7 - https:\/\/yoast.com\/wordpress\/plugins\/seo\/ -->\n<title>fabb | producent tkanin obiciowych | Weaving bonds<\/title>\n<meta name=\"description\" content=\"Jeste\u015bmy polsk\u0105 mark\u0105 dzia\u0142aj\u0105c\u0105 globalnie. W biznesie stawiamy na przyjacielskie relacje, kt\u00f3re pozwalaj\u0105 nam razem tworzy\u0107 pi\u0119kne meble.\" \/>\n<meta name=\"robots\" content=\"index, follow, max-snippet:-1, max-image-preview:large, max-video-preview:-1\" \/>\n<link rel=\"canonical\" href=\"https:\/\/fabb.pl\/de\/\" \/>\n<meta property=\"og:locale\" content=\"de_DE\" \/>\n<meta property=\"og:type\" content=\"article\" \/>\n<meta property=\"og:title\" content=\"fabb | producent tkanin obiciowych | Weaving bonds\" \/>\n<meta property=\"og:description\" content=\"Jeste\u015bmy polsk\u0105 mark\u0105 dzia\u0142aj\u0105c\u0105 globalnie. W biznesie stawiamy na przyjacielskie relacje, kt\u00f3re pozwalaj\u0105 nam razem tworzy\u0107 pi\u0119kne meble.\" \/>\n<meta property=\"og:url\" content=\"https:\/\/fabb.pl\/de\/\" \/>\n<meta property=\"og:site_name\" content=\"Fabb\" \/>\n<meta property=\"article:modified_time\" content=\"2026-03-31T07:00:13+00:00\" \/>\n<meta property=\"og:image\" content=\"https:\/\/fabb.pl\/wp-content\/uploads\/2023\/10\/Baldar-Aranzacja-scaled.webp\" \/>\n\t<meta property=\"og:image:width\" content=\"2560\" \/>\n\t<meta property=\"og:image:height\" content=\"1440\" \/>\n\t<meta property=\"og:image:type\" content=\"image\/webp\" \/>\n<meta name=\"twitter:card\" content=\"summary_large_image\" \/>\n<meta name=\"twitter:label1\" content=\"Gesch\u00e4tzte Lesezeit\" \/>\n\t<meta name=\"twitter:data1\" content=\"1\u00a0Minute\" \/>\n<script type=\"application\/ld+json\" class=\"yoast-schema-graph\">{\"@context\":\"https:\/\/schema.org\",\"@graph\":[{\"@type\":\"WebPage\",\"@id\":\"https:\/\/fabb.pl\/de\/\",\"url\":\"https:\/\/fabb.pl\/de\/\",\"name\":\"fabb | producent tkanin obiciowych | Weaving bonds\",\"isPartOf\":{\"@id\":\"https:\/\/fabb.pl\/de\/#website\"},\"primaryImageOfPage\":{\"@id\":\"https:\/\/fabb.pl\/de\/#primaryimage\"},\"image\":{\"@id\":\"https:\/\/fabb.pl\/de\/#primaryimage\"},\"thumbnailUrl\":\"https:\/\/fabb.pl\/wp-content\/uploads\/2023\/10\/Baldar-Aranzacja-scaled.webp\",\"datePublished\":\"2023-09-21T08:28:21+00:00\",\"dateModified\":\"2026-03-31T07:00:13+00:00\",\"description\":\"Jeste\u015bmy polsk\u0105 mark\u0105 dzia\u0142aj\u0105c\u0105 globalnie. W biznesie stawiamy na przyjacielskie relacje, kt\u00f3re pozwalaj\u0105 nam razem tworzy\u0107 pi\u0119kne meble.\",\"breadcrumb\":{\"@id\":\"https:\/\/fabb.pl\/de\/#breadcrumb\"},\"inLanguage\":\"de\",\"potentialAction\":[{\"@type\":\"ReadAction\",\"target\":[\"https:\/\/fabb.pl\/de\/\"]}]},{\"@type\":\"ImageObject\",\"inLanguage\":\"de\",\"@id\":\"https:\/\/fabb.pl\/de\/#primaryimage\",\"url\":\"https:\/\/fabb.pl\/wp-content\/uploads\/2023\/10\/Baldar-Aranzacja-scaled.webp\",\"contentUrl\":\"https:\/\/fabb.pl\/wp-content\/uploads\/2023\/10\/Baldar-Aranzacja-scaled.webp\",\"width\":2560,\"height\":1440},{\"@type\":\"BreadcrumbList\",\"@id\":\"https:\/\/fabb.pl\/de\/#breadcrumb\",\"itemListElement\":[{\"@type\":\"ListItem\",\"position\":1,\"name\":\"Strona g\u0142\u00f3wna\",\"item\":\"https:\/\/fabb.pl\/de\/\"},{\"@type\":\"ListItem\",\"position\":2,\"name\":\"home\"}]},{\"@type\":\"WebSite\",\"@id\":\"https:\/\/fabb.pl\/de\/#website\",\"url\":\"https:\/\/fabb.pl\/de\/\",\"name\":\"Fabb\",\"description\":\"\",\"potentialAction\":[{\"@type\":\"SearchAction\",\"target\":{\"@type\":\"EntryPoint\",\"urlTemplate\":\"https:\/\/fabb.pl\/de\/?s={search_term_string}\"},\"query-input\":{\"@type\":\"PropertyValueSpecification\",\"valueRequired\":true,\"valueName\":\"search_term_string\"}}],\"inLanguage\":\"de\"}]}<\/script>\n<!-- \/ Yoast SEO plugin. -->","yoast_head_json":{"title":"fabb | producent tkanin obiciowych | Weaving bonds","description":"Jeste\u015bmy polsk\u0105 mark\u0105 dzia\u0142aj\u0105c\u0105 globalnie. W biznesie stawiamy na przyjacielskie relacje, kt\u00f3re pozwalaj\u0105 nam razem tworzy\u0107 pi\u0119kne meble.","robots":{"index":"index","follow":"follow","max-snippet":"max-snippet:-1","max-image-preview":"max-image-preview:large","max-video-preview":"max-video-preview:-1"},"canonical":"https:\/\/fabb.pl\/de\/","og_locale":"de_DE","og_type":"article","og_title":"fabb | producent tkanin obiciowych | Weaving bonds","og_description":"Jeste\u015bmy polsk\u0105 mark\u0105 dzia\u0142aj\u0105c\u0105 globalnie. W biznesie stawiamy na przyjacielskie relacje, kt\u00f3re pozwalaj\u0105 nam razem tworzy\u0107 pi\u0119kne meble.","og_url":"https:\/\/fabb.pl\/de\/","og_site_name":"Fabb","article_modified_time":"2026-03-31T07:00:13+00:00","og_image":[{"width":2560,"height":1440,"url":"https:\/\/fabb.pl\/wp-content\/uploads\/2023\/10\/Baldar-Aranzacja-scaled.webp","type":"image\/webp"}],"twitter_card":"summary_large_image","twitter_misc":{"Gesch\u00e4tzte Lesezeit":"1\u00a0Minute"},"schema":{"@context":"https:\/\/schema.org","@graph":[{"@type":"WebPage","@id":"https:\/\/fabb.pl\/de\/","url":"https:\/\/fabb.pl\/de\/","name":"fabb | producent tkanin obiciowych | Weaving bonds","isPartOf":{"@id":"https:\/\/fabb.pl\/de\/#website"},"primaryImageOfPage":{"@id":"https:\/\/fabb.pl\/de\/#primaryimage"},"image":{"@id":"https:\/\/fabb.pl\/de\/#primaryimage"},"thumbnailUrl":"https:\/\/fabb.pl\/wp-content\/uploads\/2023\/10\/Baldar-Aranzacja-scaled.webp","datePublished":"2023-09-21T08:28:21+00:00","dateModified":"2026-03-31T07:00:13+00:00","description":"Jeste\u015bmy polsk\u0105 mark\u0105 dzia\u0142aj\u0105c\u0105 globalnie. W biznesie stawiamy na przyjacielskie relacje, kt\u00f3re pozwalaj\u0105 nam razem tworzy\u0107 pi\u0119kne meble.","breadcrumb":{"@id":"https:\/\/fabb.pl\/de\/#breadcrumb"},"inLanguage":"de","potentialAction":[{"@type":"ReadAction","target":["https:\/\/fabb.pl\/de\/"]}]},{"@type":"ImageObject","inLanguage":"de","@id":"https:\/\/fabb.pl\/de\/#primaryimage","url":"https:\/\/fabb.pl\/wp-content\/uploads\/2023\/10\/Baldar-Aranzacja-scaled.webp","contentUrl":"https:\/\/fabb.pl\/wp-content\/uploads\/2023\/10\/Baldar-Aranzacja-scaled.webp","width":2560,"height":1440},{"@type":"BreadcrumbList","@id":"https:\/\/fabb.pl\/de\/#breadcrumb","itemListElement":[{"@type":"ListItem","position":1,"name":"Strona g\u0142\u00f3wna","item":"https:\/\/fabb.pl\/de\/"},{"@type":"ListItem","position":2,"name":"home"}]},{"@type":"WebSite","@id":"https:\/\/fabb.pl\/de\/#website","url":"https:\/\/fabb.pl\/de\/","name":"Fabb","description":"","potentialAction":[{"@type":"SearchAction","target":{"@type":"EntryPoint","urlTemplate":"https:\/\/fabb.pl\/de\/?s={search_term_string}"},"query-input":{"@type":"PropertyValueSpecification","valueRequired":true,"valueName":"search_term_string"}}],"inLanguage":"de"}]}},"acf":[],"_links":{"self":[{"href":"https:\/\/fabb.pl\/de\/wp-json\/wp\/v2\/pages\/5868","targetHints":{"allow":["GET"]}}],"collection":[{"href":"https:\/\/fabb.pl\/de\/wp-json\/wp\/v2\/pages"}],"about":[{"href":"https:\/\/fabb.pl\/de\/wp-json\/wp\/v2\/types\/page"}],"author":[{"embeddable":true,"href":"https:\/\/fabb.pl\/de\/wp-json\/wp\/v2\/users\/1"}],"replies":[{"embeddable":true,"href":"https:\/\/fabb.pl\/de\/wp-json\/wp\/v2\/comments?post=5868"}],"version-history":[{"count":32,"href":"https:\/\/fabb.pl\/de\/wp-json\/wp\/v2\/pages\/5868\/revisions"}],"predecessor-version":[{"id":49275,"href":"https:\/\/fabb.pl\/de\/wp-json\/wp\/v2\/pages\/5868\/revisions\/49275"}],"wp:featuredmedia":[{"embeddable":true,"href":"https:\/\/fabb.pl\/de\/wp-json\/wp\/v2\/media\/5870"}],"wp:attachment":[{"href":"https:\/\/fabb.pl\/de\/wp-json\/wp\/v2\/media?parent=5868"}],"curies":[{"name":"wp","href":"https:\/\/api.w.org\/{rel}","templated":true}]}}